{"id":7839,"date":"2026-04-22T16:07:18","date_gmt":"2026-04-22T13:07:18","guid":{"rendered":"https:\/\/konnola.fi\/?page_id=7839"},"modified":"2026-04-27T10:47:40","modified_gmt":"2026-04-27T07:47:40","slug":"kesakonsertti","status":"publish","type":"page","link":"https:\/\/konnola.fi\/en\/kesakonsertti\/","title":{"rendered":"Kes\u00e4konsertti H\u00e4meenlinna"},"content":{"rendered":"<div data-elementor-type=\"wp-page\" data-elementor-id=\"7839\" class=\"elementor elementor-7839\">\n\t\t\t\t<div class=\"elementor-element elementor-element-ce2e352 e-flex e-con-boxed e-con e-parent\" data-id=\"ce2e352\" data-element_type=\"container\" data-e-type=\"container\" data-settings=\"{&quot;background_background&quot;:&quot;classic&quot;}\">\n\t\t\t\t\t<div class=\"e-con-inner\">\n\t\t\t\t<div class=\"elementor-element elementor-element-6ba2d9c elementor-widget elementor-widget-heading\" data-id=\"6ba2d9c\" data-element_type=\"widget\" data-e-type=\"widget\" data-widget_type=\"heading.default\">\n\t\t\t\t<div class=\"elementor-widget-container\">\n\t\t\t\t\t<h1 class=\"elementor-heading-title elementor-size-default\">Suviserenadi: <br>Hannu Lehtonen &amp; Seppo Hovi<\/h1>\t\t\t\t<\/div>\n\t\t\t\t<\/div>\n\t\t\t\t\t<\/div>\n\t\t\t\t<\/div>\n\t\t<div class=\"elementor-element elementor-element-214b95e e-flex e-con-boxed e-con e-parent\" data-id=\"214b95e\" data-element_type=\"container\" data-e-type=\"container\">\n\t\t\t\t\t<div class=\"e-con-inner\">\n\t\t\t\t<div class=\"elementor-element elementor-element-b58b2c9 elementor-widget elementor-widget-spacer\" data-id=\"b58b2c9\" data-element_type=\"widget\" data-e-type=\"widget\" data-widget_type=\"spacer.default\">\n\t\t\t\t<div class=\"elementor-widget-container\">\n\t\t\t\t\t\t\t<div class=\"elementor-spacer\">\n\t\t\t<div class=\"elementor-spacer-inner\"><\/div>\n\t\t<\/div>\n\t\t\t\t\t\t<\/div>\n\t\t\t\t<\/div>\n\t\t\t\t<div class=\"elementor-element elementor-element-518a5f5 elementor-widget elementor-widget-heading\" data-id=\"518a5f5\" data-element_type=\"widget\" data-e-type=\"widget\" data-widget_type=\"heading.default\">\n\t\t\t\t<div class=\"elementor-widget-container\">\n\t\t\t\t\t<h2 class=\"elementor-heading-title elementor-size-default\">Kes\u00e4konsertti keskiviikkona 8.7. <\/h2>\t\t\t\t<\/div>\n\t\t\t\t<\/div>\n\t\t\t\t\t<\/div>\n\t\t\t\t<\/div>\n\t\t<div class=\"elementor-element elementor-element-6fa2c89 e-flex e-con-boxed e-con e-parent\" data-id=\"6fa2c89\" data-element_type=\"container\" data-e-type=\"container\">\n\t\t\t\t\t<div class=\"e-con-inner\">\n\t\t<div class=\"elementor-element elementor-element-bd0cf57 e-con-full e-flex e-con e-child\" data-id=\"bd0cf57\" data-element_type=\"container\" data-e-type=\"container\">\n\t\t\t\t<div class=\"elementor-element elementor-element-7fb8d43 elementor-widget elementor-widget-image\" data-id=\"7fb8d43\" data-element_type=\"widget\" data-e-type=\"widget\" data-widget_type=\"image.default\">\n\t\t\t\t<div class=\"elementor-widget-container\">\n\t\t\t\t\t\t\t\t\t\t\t\t\t\t\t<img fetchpriority=\"high\" decoding=\"async\" width=\"493\" height=\"493\" src=\"https:\/\/konnola.fi\/wordpress\/wp-content\/uploads\/2026\/04\/hannu-lehtonennelio.jpg\" class=\"attachment-large size-large wp-image-7843\" alt=\"Hannu Lehtonen kes\u00e4konsertti\" srcset=\"https:\/\/konnola.fi\/wordpress\/wp-content\/uploads\/2026\/04\/hannu-lehtonennelio.jpg 493w, https:\/\/konnola.fi\/wordpress\/wp-content\/uploads\/2026\/04\/hannu-lehtonennelio-420x420.jpg 420w, https:\/\/konnola.fi\/wordpress\/wp-content\/uploads\/2026\/04\/hannu-lehtonennelio-12x12.jpg 12w, https:\/\/konnola.fi\/wordpress\/wp-content\/uploads\/2026\/04\/elementor\/thumbs\/hannu-lehtonennelio-420x420.jpg 500w, https:\/\/konnola.fi\/wordpress\/wp-content\/uploads\/2026\/04\/elementor\/thumbs\/hannu-lehtonennelio-rmdts7johe035gkzgn8qmwmtrnp47mloovzdcp2940.jpg 400w\" sizes=\"(max-width: 493px) 100vw, 493px\" \/>\t\t\t\t\t\t\t\t\t\t\t\t\t\t\t<\/div>\n\t\t\t\t<\/div>\n\t\t\t\t<div class=\"elementor-element elementor-element-719b499 elementor-widget elementor-widget-image\" data-id=\"719b499\" data-element_type=\"widget\" data-e-type=\"widget\" data-widget_type=\"image.default\">\n\t\t\t\t<div class=\"elementor-widget-container\">\n\t\t\t\t\t\t\t\t\t\t\t\t\t\t\t<img decoding=\"async\" width=\"640\" height=\"640\" src=\"https:\/\/konnola.fi\/wordpress\/wp-content\/uploads\/2026\/04\/Seppo-Hovi-1.jpg\" class=\"attachment-large size-large wp-image-7842\" alt=\"Seppo Hovi kes\u00e4konsertti\" srcset=\"https:\/\/konnola.fi\/wordpress\/wp-content\/uploads\/2026\/04\/Seppo-Hovi-1.jpg 960w, https:\/\/konnola.fi\/wordpress\/wp-content\/uploads\/2026\/04\/Seppo-Hovi-1-744x744.jpg 744w, https:\/\/konnola.fi\/wordpress\/wp-content\/uploads\/2026\/04\/Seppo-Hovi-1-420x420.jpg 420w, https:\/\/konnola.fi\/wordpress\/wp-content\/uploads\/2026\/04\/Seppo-Hovi-1-768x768.jpg 768w, https:\/\/konnola.fi\/wordpress\/wp-content\/uploads\/2026\/04\/Seppo-Hovi-1-12x12.jpg 12w\" sizes=\"(max-width: 640px) 100vw, 640px\" \/>\t\t\t\t\t\t\t\t\t\t\t\t\t\t\t<\/div>\n\t\t\t\t<\/div>\n\t\t\t\t<\/div>\n\t\t<div class=\"elementor-element elementor-element-3880b5d e-con-full e-flex e-con e-child\" data-id=\"3880b5d\" data-element_type=\"container\" data-e-type=\"container\">\n\t\t\t\t<div class=\"elementor-element elementor-element-4d4164e elementor-widget elementor-widget-heading\" data-id=\"4d4164e\" data-element_type=\"widget\" data-e-type=\"widget\" data-widget_type=\"heading.default\">\n\t\t\t\t<div class=\"elementor-widget-container\">\n\t\t\t\t\t<h4 class=\"elementor-heading-title elementor-size-default\">V\u00e4liaikakahvit sis\u00e4ltyv\u00e4t lipun hintaan<\/h4>\t\t\t\t<\/div>\n\t\t\t\t<\/div>\n\t\t\t\t<div class=\"elementor-element elementor-element-1ff7a18 elementor-widget elementor-widget-spacer\" data-id=\"1ff7a18\" data-element_type=\"widget\" data-e-type=\"widget\" data-widget_type=\"spacer.default\">\n\t\t\t\t<div class=\"elementor-widget-container\">\n\t\t\t\t\t\t\t<div class=\"elementor-spacer\">\n\t\t\t<div class=\"elementor-spacer-inner\"><\/div>\n\t\t<\/div>\n\t\t\t\t\t\t<\/div>\n\t\t\t\t<\/div>\n\t\t\t\t<div class=\"elementor-element elementor-element-dd783e2 elementor-widget elementor-widget-text-editor\" data-id=\"dd783e2\" data-element_type=\"widget\" data-e-type=\"widget\" data-widget_type=\"text-editor.default\">\n\t\t\t\t<div class=\"elementor-widget-container\">\n\t\t\t\t\t\t\t\t\t<p>Suviserenadi -konsertti pit\u00e4\u00e4 sis\u00e4ll\u00e4\u00e4n kokoelman kes\u00e4iltaan sopivia lauluja. Baritoni <a href=\"https:\/\/www.hannulehtonen.info\/\">Hannu Lehtonen<\/a> tulkitsee ja ottaa v\u00e4lill\u00e4 mukaan my\u00f6s saksofoninsa. Tuttuun tapaan musiikkineuvos\u00a0 Seppo Hovi s\u00e4est\u00e4\u00e4 pianolla ja kertoo tarinoita kappaleista laulujen v\u00e4liss\u00e4.<\/p><p>Konsertti j\u00e4rjestet\u00e4\u00e4n sis\u00e4tiloissa <a href=\"https:\/\/konnola.fi\/en\/juhlatila\/\">Juhlanavetassa<\/a>. Tapahtumassa on istumapaikat p\u00f6ytien \u00e4\u00e4ress\u00e4, <br \/>paikat t\u00e4ytet\u00e4\u00e4n varausj\u00e4rjestyksess\u00e4.<\/p><p>Konsertin v\u00e4liajalla nautitaan kahvit kakun kera. V\u00e4liaikakahvit sis\u00e4ltyv\u00e4t konserttilipun\u00a0 hintaan. Konsertissa on anniskeluoikeudet.<\/p><p>Aikataulu:<\/p><p>Klo 14.30 Ovet avataan<br \/>Klo 15.00 Konsertti alkaa<br \/>V\u00e4liajalla kakkukahvit<br \/>Klo 17.00 Arvioitu p\u00e4\u00e4ttymisaika<\/p><p>Liput:<\/p><p>39 euroa, sis\u00e4lt\u00e4\u00e4 v\u00e4liajalla kakkukahvit. Vain ennakkovarauksella varmistat paikkasi.<br \/>Satavilla my\u00f6s ovelta, jos lippuja riitt\u00e4\u00e4.<\/p><p>Varaukset ja tiedustelut:<\/p><p>0400 684 769 \/ konnola@konnola.fi<\/p>\t\t\t\t\t\t\t\t<\/div>\n\t\t\t\t<\/div>\n\t\t\t\t<\/div>\n\t\t\t\t\t<\/div>\n\t\t\t\t<\/div>\n\t\t<div class=\"elementor-element elementor-element-e9b597d e-flex e-con-boxed e-con e-parent\" data-id=\"e9b597d\" data-element_type=\"container\" data-e-type=\"container\">\n\t\t\t\t\t<div class=\"e-con-inner\">\n\t\t\t\t<div class=\"elementor-element elementor-element-f53b545 elementor-widget elementor-widget-heading\" data-id=\"f53b545\" data-element_type=\"widget\" data-e-type=\"widget\" data-widget_type=\"heading.default\">\n\t\t\t\t<div class=\"elementor-widget-container\">\n\t\t\t\t\t<h2 class=\"elementor-heading-title elementor-size-default\">L\u00e4mpim\u00e4sti tervetuloa kes\u00e4konserttiin!<\/h2>\t\t\t\t<\/div>\n\t\t\t\t<\/div>\n\t\t\t\t\t<\/div>\n\t\t\t\t<\/div>\n\t\t\t\t<\/div>","protected":false},"excerpt":{"rendered":"<p>Suviserenadi: Hannu Lehtonen &amp; Seppo Hovi Kes\u00e4konsertti keskiviikkona 8.7. V\u00e4liaikakahvit sis\u00e4ltyv\u00e4t lipun hintaan Suviserenadi -konsertti pit\u00e4\u00e4 sis\u00e4ll\u00e4\u00e4n kokoelman kes\u00e4iltaan sopivia lauluja. Baritoni Hannu Lehtonen tulkitsee ja ottaa v\u00e4lill\u00e4 mukaan my\u00f6s saksofoninsa. Tuttuun tapaan musiikkineuvos\u00a0 Seppo Hovi s\u00e4est\u00e4\u00e4 pianolla ja kertoo tarinoita kappaleista laulujen v\u00e4liss\u00e4. Konsertti j\u00e4rjestet\u00e4\u00e4n sis\u00e4tiloissa Juhlanavetassa. Tapahtumassa on istumapaikat p\u00f6ytien \u00e4\u00e4ress\u00e4, paikat t\u00e4ytet\u00e4\u00e4n<\/p>","protected":false},"author":1,"featured_media":7843,"parent":0,"menu_order":0,"comment_status":"closed","ping_status":"closed","template":"elementor_header_footer","meta":{"solace_meta_sidebar":"","solace_meta_container":"","solace_meta_enable_content_width":"","solace_meta_content_width":0,"solace_meta_title_alignment":"","solace_meta_author_avatar":"","solace_post_elements_order":"","solace_meta_disable_header":"","solace_meta_disable_footer":"","solace_meta_disable_title":"","footnotes":""},"class_list":["post-7839","page","type-page","status-publish","has-post-thumbnail","hentry"],"yoast_head":"<!-- This site is optimized with the Yoast SEO plugin v27.2 - https:\/\/yoast.com\/product\/yoast-seo-wordpress\/ -->\n<title>Kes\u00e4konsertti H\u00e4meenlinna - K\u00f6nn\u00f6l\u00e4n Matkailutila<\/title>\n<meta name=\"description\" content=\"Konsertissa kuullaan kes\u00e4iseen iltaan sopivia kappaleita Hannu Lehtosen ja Seppo Hovin esitt\u00e4m\u00e4n\u00e4. V\u00e4liajalla tarjolla kakkukahvit.\" \/>\n<meta name=\"robots\" content=\"index, follow, max-snippet:-1, max-image-preview:large, max-video-preview:-1\" \/>\n<link rel=\"canonical\" href=\"https:\/\/konnola.fi\/en\/kesakonsertti\/\" \/>\n<meta property=\"og:locale\" content=\"en_GB\" \/>\n<meta property=\"og:type\" content=\"article\" \/>\n<meta property=\"og:title\" content=\"Kes\u00e4konsertti: Suviserenadi Hannu Lehtonen &amp; Seppo Hovi\" \/>\n<meta property=\"og:description\" content=\"Konsertissa kuullaan kes\u00e4iseen iltaan sopivia kappaleita baritoni Hannu Lehtosen ja musiikkineuvos Seppo Hovin esitt\u00e4m\u00e4n\u00e4. Konsertin v\u00e4liajalla tarjolla kakkukahvit, jotka sis\u00e4ltyv\u00e4t lipun hintaan.\" \/>\n<meta property=\"og:url\" content=\"https:\/\/konnola.fi\/en\/kesakonsertti\/\" \/>\n<meta property=\"og:site_name\" content=\"K\u00f6nn\u00f6l\u00e4n Matkailutila\" \/>\n<meta property=\"article:publisher\" content=\"https:\/\/www.facebook.com\/konnolanmatkailutila\/\" \/>\n<meta property=\"article:modified_time\" content=\"2026-04-27T07:47:40+00:00\" \/>\n<meta property=\"og:image\" content=\"https:\/\/konnola.fi\/wordpress\/wp-content\/uploads\/2026\/04\/hannu-lehtonennelio.jpg\" \/>\n\t<meta property=\"og:image:width\" content=\"493\" \/>\n\t<meta property=\"og:image:height\" content=\"493\" \/>\n\t<meta property=\"og:image:type\" content=\"image\/jpeg\" \/>\n<meta name=\"twitter:card\" content=\"summary_large_image\" \/>\n<meta name=\"twitter:label1\" content=\"Estimated reading time\" \/>\n\t<meta name=\"twitter:data1\" content=\"2 minutes\" \/>\n<script type=\"application\/ld+json\" class=\"yoast-schema-graph\">{\"@context\":\"https:\/\/schema.org\",\"@graph\":[{\"@type\":\"WebPage\",\"@id\":\"https:\/\/konnola.fi\/kesakonsertti\/\",\"url\":\"https:\/\/konnola.fi\/kesakonsertti\/\",\"name\":\"Kes\u00e4konsertti H\u00e4meenlinna - K\u00f6nn\u00f6l\u00e4n Matkailutila\",\"isPartOf\":{\"@id\":\"https:\/\/konnola.fi\/#website\"},\"primaryImageOfPage\":{\"@id\":\"https:\/\/konnola.fi\/kesakonsertti\/#primaryimage\"},\"image\":{\"@id\":\"https:\/\/konnola.fi\/kesakonsertti\/#primaryimage\"},\"thumbnailUrl\":\"https:\/\/konnola.fi\/wordpress\/wp-content\/uploads\/2026\/04\/hannu-lehtonennelio.jpg\",\"datePublished\":\"2026-04-22T13:07:18+00:00\",\"dateModified\":\"2026-04-27T07:47:40+00:00\",\"description\":\"Konsertissa kuullaan kes\u00e4iseen iltaan sopivia kappaleita Hannu Lehtosen ja Seppo Hovin esitt\u00e4m\u00e4n\u00e4. V\u00e4liajalla tarjolla kakkukahvit.\",\"breadcrumb\":{\"@id\":\"https:\/\/konnola.fi\/kesakonsertti\/#breadcrumb\"},\"inLanguage\":\"en-GB\",\"potentialAction\":[{\"@type\":\"ReadAction\",\"target\":[\"https:\/\/konnola.fi\/kesakonsertti\/\"]}]},{\"@type\":\"ImageObject\",\"inLanguage\":\"en-GB\",\"@id\":\"https:\/\/konnola.fi\/kesakonsertti\/#primaryimage\",\"url\":\"https:\/\/konnola.fi\/wordpress\/wp-content\/uploads\/2026\/04\/hannu-lehtonennelio.jpg\",\"contentUrl\":\"https:\/\/konnola.fi\/wordpress\/wp-content\/uploads\/2026\/04\/hannu-lehtonennelio.jpg\",\"width\":493,\"height\":493,\"caption\":\"Hannu Lehtonen kes\u00e4konsertti\"},{\"@type\":\"BreadcrumbList\",\"@id\":\"https:\/\/konnola.fi\/kesakonsertti\/#breadcrumb\",\"itemListElement\":[{\"@type\":\"ListItem\",\"position\":1,\"name\":\"Etusivu\",\"item\":\"https:\/\/konnola.fi\/\"},{\"@type\":\"ListItem\",\"position\":2,\"name\":\"Kes\u00e4konsertti H\u00e4meenlinna\"}]},{\"@type\":\"WebSite\",\"@id\":\"https:\/\/konnola.fi\/#website\",\"url\":\"https:\/\/konnola.fi\/\",\"name\":\"K\u00f6nn\u00f6l\u00e4n Matkailutila\",\"description\":\"Vuokram\u00f6kit &amp; juhla- ja kokoustila H\u00e4meenlinna\",\"publisher\":{\"@id\":\"https:\/\/konnola.fi\/#organization\"},\"potentialAction\":[{\"@type\":\"SearchAction\",\"target\":{\"@type\":\"EntryPoint\",\"urlTemplate\":\"https:\/\/konnola.fi\/?s={search_term_string}\"},\"query-input\":{\"@type\":\"PropertyValueSpecification\",\"valueRequired\":true,\"valueName\":\"search_term_string\"}}],\"inLanguage\":\"en-GB\"},{\"@type\":\"Organization\",\"@id\":\"https:\/\/konnola.fi\/#organization\",\"name\":\"K\u00f6nn\u00f6l\u00e4n Matkailutila\",\"url\":\"https:\/\/konnola.fi\/\",\"logo\":{\"@type\":\"ImageObject\",\"inLanguage\":\"en-GB\",\"@id\":\"https:\/\/konnola.fi\/#\/schema\/logo\/image\/\",\"url\":\"https:\/\/konnola.fi\/wordpress\/wp-content\/uploads\/2025\/07\/KONNOLAN-MATKAILUTILA-logo.png\",\"contentUrl\":\"https:\/\/konnola.fi\/wordpress\/wp-content\/uploads\/2025\/07\/KONNOLAN-MATKAILUTILA-logo.png\",\"width\":500,\"height\":500,\"caption\":\"K\u00f6nn\u00f6l\u00e4n Matkailutila\"},\"image\":{\"@id\":\"https:\/\/konnola.fi\/#\/schema\/logo\/image\/\"},\"sameAs\":[\"https:\/\/www.facebook.com\/konnolanmatkailutila\/\",\"https:\/\/www.instagram.com\/konnolanmatkailutila\"]}]}<\/script>\n<!-- \/ Yoast SEO plugin. -->","yoast_head_json":{"title":"Kes\u00e4konsertti H\u00e4meenlinna - K\u00f6nn\u00f6l\u00e4n Matkailutila","description":"Konsertissa kuullaan kes\u00e4iseen iltaan sopivia kappaleita Hannu Lehtosen ja Seppo Hovin esitt\u00e4m\u00e4n\u00e4. V\u00e4liajalla tarjolla kakkukahvit.","robots":{"index":"index","follow":"follow","max-snippet":"max-snippet:-1","max-image-preview":"max-image-preview:large","max-video-preview":"max-video-preview:-1"},"canonical":"https:\/\/konnola.fi\/en\/kesakonsertti\/","og_locale":"en_GB","og_type":"article","og_title":"Kes\u00e4konsertti: Suviserenadi Hannu Lehtonen & Seppo Hovi","og_description":"Konsertissa kuullaan kes\u00e4iseen iltaan sopivia kappaleita baritoni Hannu Lehtosen ja musiikkineuvos Seppo Hovin esitt\u00e4m\u00e4n\u00e4. Konsertin v\u00e4liajalla tarjolla kakkukahvit, jotka sis\u00e4ltyv\u00e4t lipun hintaan.","og_url":"https:\/\/konnola.fi\/en\/kesakonsertti\/","og_site_name":"K\u00f6nn\u00f6l\u00e4n Matkailutila","article_publisher":"https:\/\/www.facebook.com\/konnolanmatkailutila\/","article_modified_time":"2026-04-27T07:47:40+00:00","og_image":[{"width":493,"height":493,"url":"https:\/\/konnola.fi\/wordpress\/wp-content\/uploads\/2026\/04\/hannu-lehtonennelio.jpg","type":"image\/jpeg"}],"twitter_card":"summary_large_image","twitter_misc":{"Estimated reading time":"2 minutes"},"schema":{"@context":"https:\/\/schema.org","@graph":[{"@type":"WebPage","@id":"https:\/\/konnola.fi\/kesakonsertti\/","url":"https:\/\/konnola.fi\/kesakonsertti\/","name":"Kes\u00e4konsertti H\u00e4meenlinna - K\u00f6nn\u00f6l\u00e4n Matkailutila","isPartOf":{"@id":"https:\/\/konnola.fi\/#website"},"primaryImageOfPage":{"@id":"https:\/\/konnola.fi\/kesakonsertti\/#primaryimage"},"image":{"@id":"https:\/\/konnola.fi\/kesakonsertti\/#primaryimage"},"thumbnailUrl":"https:\/\/konnola.fi\/wordpress\/wp-content\/uploads\/2026\/04\/hannu-lehtonennelio.jpg","datePublished":"2026-04-22T13:07:18+00:00","dateModified":"2026-04-27T07:47:40+00:00","description":"Konsertissa kuullaan kes\u00e4iseen iltaan sopivia kappaleita Hannu Lehtosen ja Seppo Hovin esitt\u00e4m\u00e4n\u00e4. V\u00e4liajalla tarjolla kakkukahvit.","breadcrumb":{"@id":"https:\/\/konnola.fi\/kesakonsertti\/#breadcrumb"},"inLanguage":"en-GB","potentialAction":[{"@type":"ReadAction","target":["https:\/\/konnola.fi\/kesakonsertti\/"]}]},{"@type":"ImageObject","inLanguage":"en-GB","@id":"https:\/\/konnola.fi\/kesakonsertti\/#primaryimage","url":"https:\/\/konnola.fi\/wordpress\/wp-content\/uploads\/2026\/04\/hannu-lehtonennelio.jpg","contentUrl":"https:\/\/konnola.fi\/wordpress\/wp-content\/uploads\/2026\/04\/hannu-lehtonennelio.jpg","width":493,"height":493,"caption":"Hannu Lehtonen kes\u00e4konsertti"},{"@type":"BreadcrumbList","@id":"https:\/\/konnola.fi\/kesakonsertti\/#breadcrumb","itemListElement":[{"@type":"ListItem","position":1,"name":"Etusivu","item":"https:\/\/konnola.fi\/"},{"@type":"ListItem","position":2,"name":"Kes\u00e4konsertti H\u00e4meenlinna"}]},{"@type":"WebSite","@id":"https:\/\/konnola.fi\/#website","url":"https:\/\/konnola.fi\/","name":"K\u00f6nn\u00f6l\u00e4n Matkailutila","description":"Vuokram\u00f6kit &amp; juhla- ja kokoustila H\u00e4meenlinna","publisher":{"@id":"https:\/\/konnola.fi\/#organization"},"potentialAction":[{"@type":"SearchAction","target":{"@type":"EntryPoint","urlTemplate":"https:\/\/konnola.fi\/?s={search_term_string}"},"query-input":{"@type":"PropertyValueSpecification","valueRequired":true,"valueName":"search_term_string"}}],"inLanguage":"en-GB"},{"@type":"Organization","@id":"https:\/\/konnola.fi\/#organization","name":"K\u00f6nn\u00f6l\u00e4n Matkailutila","url":"https:\/\/konnola.fi\/","logo":{"@type":"ImageObject","inLanguage":"en-GB","@id":"https:\/\/konnola.fi\/#\/schema\/logo\/image\/","url":"https:\/\/konnola.fi\/wordpress\/wp-content\/uploads\/2025\/07\/KONNOLAN-MATKAILUTILA-logo.png","contentUrl":"https:\/\/konnola.fi\/wordpress\/wp-content\/uploads\/2025\/07\/KONNOLAN-MATKAILUTILA-logo.png","width":500,"height":500,"caption":"K\u00f6nn\u00f6l\u00e4n Matkailutila"},"image":{"@id":"https:\/\/konnola.fi\/#\/schema\/logo\/image\/"},"sameAs":["https:\/\/www.facebook.com\/konnolanmatkailutila\/","https:\/\/www.instagram.com\/konnolanmatkailutila"]}]}},"_links":{"self":[{"href":"https:\/\/konnola.fi\/en\/wp-json\/wp\/v2\/pages\/7839","targetHints":{"allow":["GET"]}}],"collection":[{"href":"https:\/\/konnola.fi\/en\/wp-json\/wp\/v2\/pages"}],"about":[{"href":"https:\/\/konnola.fi\/en\/wp-json\/wp\/v2\/types\/page"}],"author":[{"embeddable":true,"href":"https:\/\/konnola.fi\/en\/wp-json\/wp\/v2\/users\/1"}],"replies":[{"embeddable":true,"href":"https:\/\/konnola.fi\/en\/wp-json\/wp\/v2\/comments?post=7839"}],"version-history":[{"count":13,"href":"https:\/\/konnola.fi\/en\/wp-json\/wp\/v2\/pages\/7839\/revisions"}],"predecessor-version":[{"id":7864,"href":"https:\/\/konnola.fi\/en\/wp-json\/wp\/v2\/pages\/7839\/revisions\/7864"}],"wp:featuredmedia":[{"embeddable":true,"href":"https:\/\/konnola.fi\/en\/wp-json\/wp\/v2\/media\/7843"}],"wp:attachment":[{"href":"https:\/\/konnola.fi\/en\/wp-json\/wp\/v2\/media?parent=7839"}],"curies":[{"name":"wp","href":"https:\/\/api.w.org\/{rel}","templated":true}]}}